{"version":"1.0","provider_name":"Estatuto del Artista - ConArte","provider_url":"https:\/\/estatutodelartista.com\/gl","title":"Na \u00c1rea da Seguridade Social - Estatuto del Artista - ConArte","type":"rich","width":600,"height":338,"html":"<blockquote class=\"wp-embedded-content\" data-secret=\"H1ydgWqtNF\"><a href=\"https:\/\/estatutodelartista.com\/gl\/na-area-da-seguridade-social\">Na \u00c1rea da Seguridade Social<\/a><\/blockquote><iframe sandbox=\"allow-scripts\" security=\"restricted\" src=\"https:\/\/estatutodelartista.com\/gl\/na-area-da-seguridade-social\/embed#?secret=H1ydgWqtNF\" width=\"600\" height=\"338\" title=\"&#8220;Na \u00c1rea da Seguridade Social&#8221; &#8212; Estatuto del Artista - ConArte\" data-secret=\"H1ydgWqtNF\" frameborder=\"0\" marginwidth=\"0\" marginheight=\"0\" scrolling=\"no\" class=\"wp-embedded-content\"><\/iframe><script>\n\/*! This file is auto-generated *\/\n!function(d,l){\"use strict\";l.querySelector&&d.addEventListener&&\"undefined\"!=typeof URL&&(d.wp=d.wp||{},d.wp.receiveEmbedMessage||(d.wp.receiveEmbedMessage=function(e){var t=e.data;if((t||t.secret||t.message||t.value)&&!\/[^a-zA-Z0-9]\/.test(t.secret)){for(var s,r,n,a=l.querySelectorAll('iframe[data-secret=\"'+t.secret+'\"]'),o=l.querySelectorAll('blockquote[data-secret=\"'+t.secret+'\"]'),c=new RegExp(\"^https?:$\",\"i\"),i=0;i<o.length;i++)o[i].style.display=\"none\";for(i=0;i<a.length;i++)s=a[i],e.source===s.contentWindow&&(s.removeAttribute(\"style\"),\"height\"===t.message?(1e3<(r=parseInt(t.value,10))?r=1e3:~~r<200&&(r=200),s.height=r):\"link\"===t.message&&(r=new URL(s.getAttribute(\"src\")),n=new URL(t.value),c.test(n.protocol))&&n.host===r.host&&l.activeElement===s&&(d.top.location.href=t.value))}},d.addEventListener(\"message\",d.wp.receiveEmbedMessage,!1),l.addEventListener(\"DOMContentLoaded\",function(){for(var e,t,s=l.querySelectorAll(\"iframe.wp-embedded-content\"),r=0;r<s.length;r++)(t=(e=s[r]).getAttribute(\"data-secret\"))||(t=Math.random().toString(36).substring(2,12),e.src+=\"#?secret=\"+t,e.setAttribute(\"data-secret\",t)),e.contentWindow.postMessage({message:\"ready\",secret:t},\"*\")},!1)))}(window,document);\n\/\/# sourceURL=https:\/\/estatutodelartista.com\/wp-includes\/js\/wp-embed.min.js\n<\/script>\n","description":"Enfermidades profesionais Na Proposta 59 do Informe da Subcomisi\u00f3n para a Elaboraci\u00f3n do Estatuto do Artista recomendouse unha abordaxe integral dos problemas de sa\u00fade: https:\/\/www.boe.es\/buscar\/act.php?id=BOE-A-2006-22169 Na actualidade non existe unha relaci\u00f3n de enfermidades profesionais propias das distintas especialidades art\u00edsticas nin tampouco m\u00e9dicos especializados que as poidan tratar, circunstancia que si se produce no caso do [&hellip;]"}